{"id":5999,"date":"2025-06-02T11:35:57","date_gmt":"2025-06-02T11:35:57","guid":{"rendered":"https:\/\/sb.allissingular.com\/accueil\/"},"modified":"2025-07-14T11:58:33","modified_gmt":"2025-07-14T11:58:33","slug":"accueil","status":"publish","type":"page","link":"https:\/\/santosebarbara.pt\/fr\/","title":{"rendered":"Accueil"},"content":{"rendered":"\n<div class=\"wp-block-uagb-container uagb-block-71fe437e alignfull uagb-is-root-container\"><div class=\"uagb-container-inner-blocks-wrap\">\n<div class=\"wp-block-uagb-container uagb-block-1f8edf1e default uagb-is-root-container\">\n<h2 class=\"wp-block-heading has-text-align-center has-large-font-size\" style=\"font-style:normal;font-weight:500\">Avec vous<br\/>dans tous les moments.<\/h2>\n\n\n\n<h3 class=\"wp-block-heading has-text-align-center has-ast-global-color-0-color has-text-color has-link-color has-medium-font-size wp-elements-84b21636b3ac0558903bb3f611450617\"><em>Pompes Fun\u00e8bres Santos &amp; B\u00e1rbara<\/em><\/h3>\n<\/div>\n<\/div><\/div>\n\n<div class=\"wp-block-uagb-container uagb-block-b060f69c alignfull uagb-is-root-container\"><div class=\"uagb-container-inner-blocks-wrap\">\n<div class=\"wp-block-uagb-container uagb-block-1f9d8512 alignfull uagb-is-root-container\"><div class=\"uagb-container-inner-blocks-wrap\">\n<p class=\"has-text-align-center has-ast-global-color-5-color has-text-color has-link-color wp-elements-db5086cb89858d92e13fc9d210ed8cd6\">Nous savons que ceux qui partent nous manquent, c\u2019est in\u00e9vitable. Mais nous pouvons vous aider \u00e0 honorer leur m\u00e9moire. Nous sommes l\u2019un des principaux prestataires de <a href=\"https:\/\/santosebarbara.pt\/fr\/services-de-pompes-funebres\/\" data-type=\"page\" data-id=\"5377\">services fun\u00e9raires<\/a> en Algarve.  <\/p>\n\n\n\n<h2 class=\"wp-block-heading has-text-align-center sc_item_title has-ast-global-color-0-color has-text-color has-link-color wp-elements-514fdf5be925613aa1a98d47c58786bb\">Services<\/h2>\n<\/div><\/div>\n\n\n\n\t\t\t<div class=\"wp-block-uagb-post-carousel uagb-post-grid home_slide uagb-post__image-position-top uagb-post__image-enabled uagb-block-79ceab87     uagb-post__arrow-outside uagb-slick-carousel uagb-post__items uagb-post__columns-2 is-carousel uagb-post__columns-tablet-2 uagb-post__columns-mobile-1 uagb-post__carousel_equal-height\" data-total=\"2\" style=\"\">\n\n\t\t\t\t\t\t\t\t\t\t\t\t<article class=\"uagb-post__inner-wrap\">\t\t\t\t\t\t\t\t<div class='uagb-post__image'>\n\t\t\t\t\t\t\t\t\t<a href=\"https:\/\/santosebarbara.pt\/fr\/informations-utiles\/\" target=\"_self\" rel=\"bookmark noopener noreferrer\"><img loading=\"lazy\" decoding=\"async\" width=\"768\" height=\"384\" src=\"https:\/\/santosebarbara.pt\/wp-content\/uploads\/2025\/06\/Informacoes-uteis-crop-768x384.jpg\" class=\"attachment-medium_large size-medium_large\" alt=\"Informa\u00e7\u00f5es e links de organismos a contactar por morte.\" srcset=\"https:\/\/santosebarbara.pt\/wp-content\/uploads\/2025\/06\/Informacoes-uteis-crop-768x384.jpg 768w, https:\/\/santosebarbara.pt\/wp-content\/uploads\/2025\/06\/Informacoes-uteis-crop-300x150.jpg 300w, https:\/\/santosebarbara.pt\/wp-content\/uploads\/2025\/06\/Informacoes-uteis-crop-1024x512.jpg 1024w, https:\/\/santosebarbara.pt\/wp-content\/uploads\/2025\/06\/Informacoes-uteis-crop-1536x768.jpg 1536w, https:\/\/santosebarbara.pt\/wp-content\/uploads\/2025\/06\/Informacoes-uteis-crop-2048x1024.jpg 2048w\" sizes=\"auto, (max-width: 768px) 100vw, 768px\" \/>\t\t\t\t\t<\/a>\n\t\t\t\t\t\t\t\t\t<\/div>\n\t\t\t\t\t\t<h4 class=\"uagb-post__title uagb-post__text\">\n\t\t\t\t<a href=\"https:\/\/santosebarbara.pt\/fr\/informations-utiles\/\" target=\"_self\" rel=\"bookmark noopener noreferrer\">Renseignements Utiles<\/a>\n\t\t\t<\/h4>\n\t\t\t\t\t\t<div class='uagb-post__text uagb-post-grid-byline'>\n\t\t\t\t\t\t\t<\/div>\n\t\t\t\t\t\t\t<div class='uagb-post__text uagb-post__excerpt'>\n\t\t\t\t\tSantos &amp; B\u00e1rbara a rassembl\u00e9 un ensemble d\u2019informations utiles pour vous permettre de mieux g\u00e9rer ces moments difficiles.\t\t\t\t<\/div>\n\t\t\t\t\t\t<div class=\"uagb-post__text uagb-post__cta wp-block-button\">\n\t\t\t\t<a class=\"wp-block-button__link uagb-text-link\" style=\"\" href=\"https:\/\/santosebarbara.pt\/fr\/informations-utiles\/\" target=\"_self\" rel=\"bookmark noopener noreferrer\">Apprendre plus<\/a>\n\t\t\t<\/div>\n\t\t\t\n\t\t\t\t\t\t\t\t\t<\/article>\n\t\t\t\t\t\t\t\t\t\t\t\t\t\t\t\t<article class=\"uagb-post__inner-wrap\">\t\t\t\t\t\t\t\t<div class='uagb-post__image'>\n\t\t\t\t\t\t\t\t\t<a href=\"https:\/\/santosebarbara.pt\/fr\/services-de-pompes-funebres\/\" target=\"_self\" rel=\"bookmark noopener noreferrer\"><img loading=\"lazy\" decoding=\"async\" width=\"768\" height=\"384\" src=\"https:\/\/santosebarbara.pt\/wp-content\/uploads\/2025\/06\/servicos-funerarios-crop-768x384.jpg\" class=\"attachment-medium_large size-medium_large\" alt=\"\" srcset=\"https:\/\/santosebarbara.pt\/wp-content\/uploads\/2025\/06\/servicos-funerarios-crop-768x384.jpg 768w, https:\/\/santosebarbara.pt\/wp-content\/uploads\/2025\/06\/servicos-funerarios-crop-300x150.jpg 300w, https:\/\/santosebarbara.pt\/wp-content\/uploads\/2025\/06\/servicos-funerarios-crop-1024x512.jpg 1024w, https:\/\/santosebarbara.pt\/wp-content\/uploads\/2025\/06\/servicos-funerarios-crop-1536x768.jpg 1536w, https:\/\/santosebarbara.pt\/wp-content\/uploads\/2025\/06\/servicos-funerarios-crop-2048x1024.jpg 2048w\" sizes=\"auto, (max-width: 768px) 100vw, 768px\" \/>\t\t\t\t\t<\/a>\n\t\t\t\t\t\t\t\t\t<\/div>\n\t\t\t\t\t\t<h4 class=\"uagb-post__title uagb-post__text\">\n\t\t\t\t<a href=\"https:\/\/santosebarbara.pt\/fr\/services-de-pompes-funebres\/\" target=\"_self\" rel=\"bookmark noopener noreferrer\">Services Fun\u00e9raires<\/a>\n\t\t\t<\/h4>\n\t\t\t\t\t\t<div class='uagb-post__text uagb-post-grid-byline'>\n\t\t\t\t\t\t\t<\/div>\n\t\t\t\t\t\t\t<div class='uagb-post__text uagb-post__excerpt'>\n\t\t\t\t\tLorsqu\u2019un moment de deuil survient, il est important d\u2019avoir \u00e0 vos c\u00f4t\u00e9s des professionnels en qui vous pouvez avoir confiance.\t\t\t\t<\/div>\n\t\t\t\t\t\t<div class=\"uagb-post__text uagb-post__cta wp-block-button\">\n\t\t\t\t<a class=\"wp-block-button__link uagb-text-link\" style=\"\" href=\"https:\/\/santosebarbara.pt\/fr\/services-de-pompes-funebres\/\" target=\"_self\" rel=\"bookmark noopener noreferrer\">Apprendre plus<\/a>\n\t\t\t<\/div>\n\t\t\t\n\t\t\t\t\t\t\t\t\t<\/article>\n\t\t\t\t\t\t\t\t\t\t\t\t\t\t\t\t<article class=\"uagb-post__inner-wrap\">\t\t\t\t\t\t\t\t<div class='uagb-post__image'>\n\t\t\t\t\t\t\t\t\t<a href=\"https:\/\/santosebarbara.pt\/fr\/autres-services\/\" target=\"_self\" rel=\"bookmark noopener noreferrer\"><img loading=\"lazy\" decoding=\"async\" width=\"768\" height=\"384\" src=\"https:\/\/santosebarbara.pt\/wp-content\/uploads\/2025\/06\/outros-servicos-crop-768x384.jpg\" class=\"attachment-medium_large size-medium_large\" alt=\"\" srcset=\"https:\/\/santosebarbara.pt\/wp-content\/uploads\/2025\/06\/outros-servicos-crop-768x384.jpg 768w, https:\/\/santosebarbara.pt\/wp-content\/uploads\/2025\/06\/outros-servicos-crop-300x150.jpg 300w, https:\/\/santosebarbara.pt\/wp-content\/uploads\/2025\/06\/outros-servicos-crop-1024x512.jpg 1024w, https:\/\/santosebarbara.pt\/wp-content\/uploads\/2025\/06\/outros-servicos-crop-1536x768.jpg 1536w, https:\/\/santosebarbara.pt\/wp-content\/uploads\/2025\/06\/outros-servicos-crop-2048x1024.jpg 2048w\" sizes=\"auto, (max-width: 768px) 100vw, 768px\" \/>\t\t\t\t\t<\/a>\n\t\t\t\t\t\t\t\t\t<\/div>\n\t\t\t\t\t\t<h4 class=\"uagb-post__title uagb-post__text\">\n\t\t\t\t<a href=\"https:\/\/santosebarbara.pt\/fr\/autres-services\/\" target=\"_self\" rel=\"bookmark noopener noreferrer\">Autres Services<\/a>\n\t\t\t<\/h4>\n\t\t\t\t\t\t<div class='uagb-post__text uagb-post-grid-byline'>\n\t\t\t\t\t\t\t<\/div>\n\t\t\t\t\t\t\t<div class='uagb-post__text uagb-post__excerpt'>\n\t\t\t\t\tDe la thanatopraxie au soutien dans les formalit\u00e9s et les papiers, nous vous proposons des prestations bas\u00e9es sur les meilleures pratiques&#8230;\t\t\t\t<\/div>\n\t\t\t\t\t\t<div class=\"uagb-post__text uagb-post__cta wp-block-button\">\n\t\t\t\t<a class=\"wp-block-button__link uagb-text-link\" style=\"\" href=\"https:\/\/santosebarbara.pt\/fr\/autres-services\/\" target=\"_self\" rel=\"bookmark noopener noreferrer\">Apprendre plus<\/a>\n\t\t\t<\/div>\n\t\t\t\n\t\t\t\t\t\t\t\t\t<\/article>\n\t\t\t\t\t\t\t\t\t\t\t\t\t\t\t\t<article class=\"uagb-post__inner-wrap\">\t\t\t\t\t\t\t\t<div class='uagb-post__image'>\n\t\t\t\t\t\t\t\t\t<a href=\"https:\/\/santosebarbara.pt\/fr\/catalogue\/\" target=\"_self\" rel=\"bookmark noopener noreferrer\"><img loading=\"lazy\" decoding=\"async\" width=\"768\" height=\"384\" src=\"https:\/\/santosebarbara.pt\/wp-content\/uploads\/2025\/06\/catalogo-crop-1-768x384.jpg\" class=\"attachment-medium_large size-medium_large\" alt=\"\" srcset=\"https:\/\/santosebarbara.pt\/wp-content\/uploads\/2025\/06\/catalogo-crop-1-768x384.jpg 768w, https:\/\/santosebarbara.pt\/wp-content\/uploads\/2025\/06\/catalogo-crop-1-300x150.jpg 300w, https:\/\/santosebarbara.pt\/wp-content\/uploads\/2025\/06\/catalogo-crop-1-1024x512.jpg 1024w, https:\/\/santosebarbara.pt\/wp-content\/uploads\/2025\/06\/catalogo-crop-1-1536x768.jpg 1536w, https:\/\/santosebarbara.pt\/wp-content\/uploads\/2025\/06\/catalogo-crop-1-2048x1024.jpg 2048w\" sizes=\"auto, (max-width: 768px) 100vw, 768px\" \/>\t\t\t\t\t<\/a>\n\t\t\t\t\t\t\t\t\t<\/div>\n\t\t\t\t\t\t<h4 class=\"uagb-post__title uagb-post__text\">\n\t\t\t\t<a href=\"https:\/\/santosebarbara.pt\/fr\/catalogue\/\" target=\"_self\" rel=\"bookmark noopener noreferrer\">Catalogue<\/a>\n\t\t\t<\/h4>\n\t\t\t\t\t\t<div class='uagb-post__text uagb-post-grid-byline'>\n\t\t\t\t\t\t\t<\/div>\n\t\t\t\t\t\t\t<div class='uagb-post__text uagb-post__excerpt'>\n\t\t\t\t\tConsultez notre catalogue de cercueils, urnes, arrangements floraux et articles fun\u00e9raires.\t\t\t\t<\/div>\n\t\t\t\t\t\t<div class=\"uagb-post__text uagb-post__cta wp-block-button\">\n\t\t\t\t<a class=\"wp-block-button__link uagb-text-link\" style=\"\" href=\"https:\/\/santosebarbara.pt\/fr\/catalogue\/\" target=\"_self\" rel=\"bookmark noopener noreferrer\">Apprendre plus<\/a>\n\t\t\t<\/div>\n\t\t\t\n\t\t\t\t\t\t\t\t\t<\/article>\n\t\t\t\t\t\t\t\t\t\t\t<\/div>\n\t\t\t<\/div><\/div>\n\n<div class=\"wp-block-uagb-container uagb-block-8df9de52 alignfull uagb-is-root-container\"><div class=\"uagb-container-inner-blocks-wrap\">\n<div class=\"wp-block-uagb-container uagb-block-8256affd alignfull uagb-is-root-container\"><div class=\"uagb-container-inner-blocks-wrap\">\n<h2 class=\"wp-block-heading has-text-align-center sc_item_title has-ast-global-color-0-color has-text-color has-link-color wp-elements-52fdb11e8fc09d2ea11e240f847df4dc\">N\u00e9crologie<\/h2>\n<\/div><\/div>\n\n\n<div class=\"necrologia-grid\"><div class=\"necrologia-item\"><a href=\"https:\/\/santosebarbara.pt\/wp-content\/uploads\/2026\/04\/02.-Edital-Igreja-Francisco-Jesus-1-724x1024.jpg\" class=\"glightbox\" data-gallery=\"necrologia-gallery\"><img loading=\"lazy\" decoding=\"async\" width=\"212\" height=\"300\" src=\"https:\/\/santosebarbara.pt\/wp-content\/uploads\/2026\/04\/02.-Edital-Igreja-Francisco-Jesus-1-212x300.jpg\" class=\"attachment-medium size-medium wp-post-image\" alt=\"\" srcset=\"https:\/\/santosebarbara.pt\/wp-content\/uploads\/2026\/04\/02.-Edital-Igreja-Francisco-Jesus-1-212x300.jpg 212w, https:\/\/santosebarbara.pt\/wp-content\/uploads\/2026\/04\/02.-Edital-Igreja-Francisco-Jesus-1-724x1024.jpg 724w, https:\/\/santosebarbara.pt\/wp-content\/uploads\/2026\/04\/02.-Edital-Igreja-Francisco-Jesus-1-768x1087.jpg 768w, https:\/\/santosebarbara.pt\/wp-content\/uploads\/2026\/04\/02.-Edital-Igreja-Francisco-Jesus-1-1086x1536.jpg 1086w, https:\/\/santosebarbara.pt\/wp-content\/uploads\/2026\/04\/02.-Edital-Igreja-Francisco-Jesus-1-1447x2048.jpg 1447w, https:\/\/santosebarbara.pt\/wp-content\/uploads\/2026\/04\/02.-Edital-Igreja-Francisco-Jesus-1.jpg 1653w\" sizes=\"auto, (max-width: 212px) 100vw, 212px\" \/><\/a><\/div><div class=\"necrologia-item\"><a href=\"https:\/\/santosebarbara.pt\/wp-content\/uploads\/2026\/04\/02.-Edital-Igreja-Luciano-Fernandes-724x1024.jpg\" class=\"glightbox\" data-gallery=\"necrologia-gallery\"><img loading=\"lazy\" decoding=\"async\" width=\"212\" height=\"300\" src=\"https:\/\/santosebarbara.pt\/wp-content\/uploads\/2026\/04\/02.-Edital-Igreja-Luciano-Fernandes-212x300.jpg\" class=\"attachment-medium size-medium wp-post-image\" alt=\"\" srcset=\"https:\/\/santosebarbara.pt\/wp-content\/uploads\/2026\/04\/02.-Edital-Igreja-Luciano-Fernandes-212x300.jpg 212w, https:\/\/santosebarbara.pt\/wp-content\/uploads\/2026\/04\/02.-Edital-Igreja-Luciano-Fernandes-724x1024.jpg 724w, https:\/\/santosebarbara.pt\/wp-content\/uploads\/2026\/04\/02.-Edital-Igreja-Luciano-Fernandes-768x1087.jpg 768w, https:\/\/santosebarbara.pt\/wp-content\/uploads\/2026\/04\/02.-Edital-Igreja-Luciano-Fernandes-1086x1536.jpg 1086w, https:\/\/santosebarbara.pt\/wp-content\/uploads\/2026\/04\/02.-Edital-Igreja-Luciano-Fernandes-1447x2048.jpg 1447w, https:\/\/santosebarbara.pt\/wp-content\/uploads\/2026\/04\/02.-Edital-Igreja-Luciano-Fernandes.jpg 1653w\" sizes=\"auto, (max-width: 212px) 100vw, 212px\" \/><\/a><\/div><div class=\"necrologia-item\"><a href=\"https:\/\/santosebarbara.pt\/wp-content\/uploads\/2026\/04\/02.-Edital-Igreja-Alzira-Fernandes-724x1024.jpg\" class=\"glightbox\" data-gallery=\"necrologia-gallery\"><img loading=\"lazy\" decoding=\"async\" width=\"212\" height=\"300\" src=\"https:\/\/santosebarbara.pt\/wp-content\/uploads\/2026\/04\/02.-Edital-Igreja-Alzira-Fernandes-212x300.jpg\" class=\"attachment-medium size-medium wp-post-image\" alt=\"\" srcset=\"https:\/\/santosebarbara.pt\/wp-content\/uploads\/2026\/04\/02.-Edital-Igreja-Alzira-Fernandes-212x300.jpg 212w, https:\/\/santosebarbara.pt\/wp-content\/uploads\/2026\/04\/02.-Edital-Igreja-Alzira-Fernandes-724x1024.jpg 724w, https:\/\/santosebarbara.pt\/wp-content\/uploads\/2026\/04\/02.-Edital-Igreja-Alzira-Fernandes-768x1087.jpg 768w, https:\/\/santosebarbara.pt\/wp-content\/uploads\/2026\/04\/02.-Edital-Igreja-Alzira-Fernandes-1086x1536.jpg 1086w, https:\/\/santosebarbara.pt\/wp-content\/uploads\/2026\/04\/02.-Edital-Igreja-Alzira-Fernandes-1447x2048.jpg 1447w, https:\/\/santosebarbara.pt\/wp-content\/uploads\/2026\/04\/02.-Edital-Igreja-Alzira-Fernandes.jpg 1653w\" sizes=\"auto, (max-width: 212px) 100vw, 212px\" \/><\/a><\/div><div class=\"necrologia-item\"><a href=\"https:\/\/santosebarbara.pt\/wp-content\/uploads\/2026\/04\/02.-Edital-Igreja-Francisco-Domingos-724x1024.jpg\" class=\"glightbox\" data-gallery=\"necrologia-gallery\"><img loading=\"lazy\" decoding=\"async\" width=\"212\" height=\"300\" src=\"https:\/\/santosebarbara.pt\/wp-content\/uploads\/2026\/04\/02.-Edital-Igreja-Francisco-Domingos-212x300.jpg\" class=\"attachment-medium size-medium wp-post-image\" alt=\"\" srcset=\"https:\/\/santosebarbara.pt\/wp-content\/uploads\/2026\/04\/02.-Edital-Igreja-Francisco-Domingos-212x300.jpg 212w, https:\/\/santosebarbara.pt\/wp-content\/uploads\/2026\/04\/02.-Edital-Igreja-Francisco-Domingos-724x1024.jpg 724w, https:\/\/santosebarbara.pt\/wp-content\/uploads\/2026\/04\/02.-Edital-Igreja-Francisco-Domingos-768x1087.jpg 768w, https:\/\/santosebarbara.pt\/wp-content\/uploads\/2026\/04\/02.-Edital-Igreja-Francisco-Domingos-1086x1536.jpg 1086w, https:\/\/santosebarbara.pt\/wp-content\/uploads\/2026\/04\/02.-Edital-Igreja-Francisco-Domingos-1447x2048.jpg 1447w, https:\/\/santosebarbara.pt\/wp-content\/uploads\/2026\/04\/02.-Edital-Igreja-Francisco-Domingos.jpg 1653w\" sizes=\"auto, (max-width: 212px) 100vw, 212px\" \/><\/a><\/div><\/div>    <link rel=\"stylesheet\" href=\"https:\/\/cdn.jsdelivr.net\/npm\/glightbox\/dist\/css\/glightbox.min.css\" \/>\n    <script src=\"https:\/\/cdn.jsdelivr.net\/npm\/glightbox\/dist\/js\/glightbox.min.js\"><\/script>\n\n    <script>\n    document.addEventListener(\"DOMContentLoaded\", function () {\n        GLightbox({\n            selector: '.glightbox[data-gallery=\"necrologia-gallery\"]'\n        });\n    });\n    <\/script>\n    \n<\/div><\/div>\n","protected":false},"excerpt":{"rendered":"<p>Avec vousdans tous les moments. Pompes Fun\u00e8bres Santos &amp; B\u00e1rbara Nous savons que ceux qui partent nous manquent, c\u2019est in\u00e9vitable. [&hellip;]<\/p>\n","protected":false},"author":1,"featured_media":0,"parent":0,"menu_order":0,"comment_status":"closed","ping_status":"closed","template":"","meta":{"_uag_custom_page_level_css":"","site-sidebar-layout":"no-sidebar","site-content-layout":"plain-container","ast-site-content-layout":"","site-content-style":"default","site-sidebar-style":"default","ast-global-header-display":"","ast-banner-title-visibility":"","ast-main-header-display":"","ast-hfb-above-header-display":"","ast-hfb-below-header-display":"","ast-hfb-mobile-header-display":"","site-post-title":"disabled","ast-breadcrumbs-content":"","ast-featured-img":"","footer-sml-layout":"","theme-transparent-header-meta":"default","adv-header-id-meta":"","stick-header-meta":"","header-above-stick-meta":"","header-main-stick-meta":"","header-below-stick-meta":"","astra-migrate-meta-layouts":"default","ast-page-background-enabled":"default","ast-page-background-meta":{"desktop":{"background-color":"var(--ast-global-color-5)","background-image":"","background-repeat":"repeat","background-position":"center center","background-size":"auto","background-attachment":"scroll","background-type":"","background-media":"","overlay-type":"","overlay-color":"","overlay-opacity":"","overlay-gradient":""},"tablet":{"background-color":"","background-image":"","background-repeat":"repeat","background-position":"center center","background-size":"auto","background-attachment":"scroll","background-type":"","background-media":"","overlay-type":"","overlay-color":"","overlay-opacity":"","overlay-gradient":""},"mobile":{"background-color":"","background-image":"","background-repeat":"repeat","background-position":"center center","background-size":"auto","background-attachment":"scroll","background-type":"","background-media":"","overlay-type":"","overlay-color":"","overlay-opacity":"","overlay-gradient":""}},"ast-content-background-meta":{"desktop":{"background-color":"var(--ast-global-color-4)","background-image":"","background-repeat":"repeat","background-position":"center center","background-size":"auto","background-attachment":"scroll","background-type":"","background-media":"","overlay-type":"","overlay-color":"","overlay-opacity":"","overlay-gradient":""},"tablet":{"background-color":"var(--ast-global-color-4)","background-image":"","background-repeat":"repeat","background-position":"center center","background-size":"auto","background-attachment":"scroll","background-type":"","background-media":"","overlay-type":"","overlay-color":"","overlay-opacity":"","overlay-gradient":""},"mobile":{"background-color":"var(--ast-global-color-4)","background-image":"","background-repeat":"repeat","background-position":"center center","background-size":"auto","background-attachment":"scroll","background-type":"","background-media":"","overlay-type":"","overlay-color":"","overlay-opacity":"","overlay-gradient":""}},"footnotes":""},"class_list":["post-5999","page","type-page","status-publish","hentry"],"yoast_head":"<!-- This site is optimized with the Yoast SEO plugin v26.0 - https:\/\/yoast.com\/wordpress\/plugins\/seo\/ -->\n<title>Accueil - Santos e B\u00e1rbara<\/title>\n<meta name=\"robots\" content=\"index, follow, max-snippet:-1, max-image-preview:large, max-video-preview:-1\" \/>\n<link rel=\"canonical\" href=\"https:\/\/santosebarbara.pt\/fr\/\" \/>\n<meta property=\"og:locale\" content=\"fr_FR\" \/>\n<meta property=\"og:type\" content=\"article\" \/>\n<meta property=\"og:title\" content=\"Accueil - Santos e B\u00e1rbara\" \/>\n<meta property=\"og:description\" content=\"Avec vousdans tous les moments. Pompes Fun\u00e8bres Santos &amp; B\u00e1rbara Nous savons que ceux qui partent nous manquent, c\u2019est in\u00e9vitable. [&hellip;]\" \/>\n<meta property=\"og:url\" content=\"https:\/\/santosebarbara.pt\/fr\/\" \/>\n<meta property=\"og:site_name\" content=\"Santos e B\u00e1rbara\" \/>\n<meta property=\"article:modified_time\" content=\"2025-07-14T11:58:33+00:00\" \/>\n<meta name=\"twitter:card\" content=\"summary_large_image\" \/>\n<script type=\"application\/ld+json\" class=\"yoast-schema-graph\">{\"@context\":\"https:\/\/schema.org\",\"@graph\":[{\"@type\":\"WebPage\",\"@id\":\"https:\/\/santosebarbara.pt\/fr\/\",\"url\":\"https:\/\/santosebarbara.pt\/fr\/\",\"name\":\"Accueil - Santos e B\u00e1rbara\",\"isPartOf\":{\"@id\":\"https:\/\/santosebarbara.pt\/fr\/#website\"},\"datePublished\":\"2025-06-02T11:35:57+00:00\",\"dateModified\":\"2025-07-14T11:58:33+00:00\",\"breadcrumb\":{\"@id\":\"https:\/\/santosebarbara.pt\/fr\/#breadcrumb\"},\"inLanguage\":\"fr-FR\",\"potentialAction\":[{\"@type\":\"ReadAction\",\"target\":[\"https:\/\/santosebarbara.pt\/fr\/\"]}]},{\"@type\":\"BreadcrumbList\",\"@id\":\"https:\/\/santosebarbara.pt\/fr\/#breadcrumb\",\"itemListElement\":[{\"@type\":\"ListItem\",\"position\":1,\"name\":\"Home\",\"item\":\"https:\/\/santosebarbara.pt\/fr\/\"},{\"@type\":\"ListItem\",\"position\":2,\"name\":\"Accueil\"}]},{\"@type\":\"WebSite\",\"@id\":\"https:\/\/santosebarbara.pt\/fr\/#website\",\"url\":\"https:\/\/santosebarbara.pt\/fr\/\",\"name\":\"Santos e B\u00e1rbara\",\"description\":\"\",\"publisher\":{\"@id\":\"https:\/\/santosebarbara.pt\/fr\/#organization\"},\"potentialAction\":[{\"@type\":\"SearchAction\",\"target\":{\"@type\":\"EntryPoint\",\"urlTemplate\":\"https:\/\/santosebarbara.pt\/fr\/?s={search_term_string}\"},\"query-input\":{\"@type\":\"PropertyValueSpecification\",\"valueRequired\":true,\"valueName\":\"search_term_string\"}}],\"inLanguage\":\"fr-FR\"},{\"@type\":\"Organization\",\"@id\":\"https:\/\/santosebarbara.pt\/fr\/#organization\",\"name\":\"Santos e B\u00e1rbara\",\"url\":\"https:\/\/santosebarbara.pt\/fr\/\",\"logo\":{\"@type\":\"ImageObject\",\"inLanguage\":\"fr-FR\",\"@id\":\"https:\/\/santosebarbara.pt\/fr\/#\/schema\/logo\/image\/\",\"url\":\"https:\/\/santosebarbara.pt\/wp-content\/uploads\/2019\/05\/01.SantosBarbara_RGB_v2-2.png\",\"contentUrl\":\"https:\/\/santosebarbara.pt\/wp-content\/uploads\/2019\/05\/01.SantosBarbara_RGB_v2-2.png\",\"width\":708,\"height\":221,\"caption\":\"Santos e B\u00e1rbara\"},\"image\":{\"@id\":\"https:\/\/santosebarbara.pt\/fr\/#\/schema\/logo\/image\/\"}}]}<\/script>\n<!-- \/ Yoast SEO plugin. -->","yoast_head_json":{"title":"Accueil - Santos e B\u00e1rbara","robots":{"index":"index","follow":"follow","max-snippet":"max-snippet:-1","max-image-preview":"max-image-preview:large","max-video-preview":"max-video-preview:-1"},"canonical":"https:\/\/santosebarbara.pt\/fr\/","og_locale":"fr_FR","og_type":"article","og_title":"Accueil - Santos e B\u00e1rbara","og_description":"Avec vousdans tous les moments. Pompes Fun\u00e8bres Santos &amp; B\u00e1rbara Nous savons que ceux qui partent nous manquent, c\u2019est in\u00e9vitable. [&hellip;]","og_url":"https:\/\/santosebarbara.pt\/fr\/","og_site_name":"Santos e B\u00e1rbara","article_modified_time":"2025-07-14T11:58:33+00:00","twitter_card":"summary_large_image","schema":{"@context":"https:\/\/schema.org","@graph":[{"@type":"WebPage","@id":"https:\/\/santosebarbara.pt\/fr\/","url":"https:\/\/santosebarbara.pt\/fr\/","name":"Accueil - Santos e B\u00e1rbara","isPartOf":{"@id":"https:\/\/santosebarbara.pt\/fr\/#website"},"datePublished":"2025-06-02T11:35:57+00:00","dateModified":"2025-07-14T11:58:33+00:00","breadcrumb":{"@id":"https:\/\/santosebarbara.pt\/fr\/#breadcrumb"},"inLanguage":"fr-FR","potentialAction":[{"@type":"ReadAction","target":["https:\/\/santosebarbara.pt\/fr\/"]}]},{"@type":"BreadcrumbList","@id":"https:\/\/santosebarbara.pt\/fr\/#breadcrumb","itemListElement":[{"@type":"ListItem","position":1,"name":"Home","item":"https:\/\/santosebarbara.pt\/fr\/"},{"@type":"ListItem","position":2,"name":"Accueil"}]},{"@type":"WebSite","@id":"https:\/\/santosebarbara.pt\/fr\/#website","url":"https:\/\/santosebarbara.pt\/fr\/","name":"Santos e B\u00e1rbara","description":"","publisher":{"@id":"https:\/\/santosebarbara.pt\/fr\/#organization"},"potentialAction":[{"@type":"SearchAction","target":{"@type":"EntryPoint","urlTemplate":"https:\/\/santosebarbara.pt\/fr\/?s={search_term_string}"},"query-input":{"@type":"PropertyValueSpecification","valueRequired":true,"valueName":"search_term_string"}}],"inLanguage":"fr-FR"},{"@type":"Organization","@id":"https:\/\/santosebarbara.pt\/fr\/#organization","name":"Santos e B\u00e1rbara","url":"https:\/\/santosebarbara.pt\/fr\/","logo":{"@type":"ImageObject","inLanguage":"fr-FR","@id":"https:\/\/santosebarbara.pt\/fr\/#\/schema\/logo\/image\/","url":"https:\/\/santosebarbara.pt\/wp-content\/uploads\/2019\/05\/01.SantosBarbara_RGB_v2-2.png","contentUrl":"https:\/\/santosebarbara.pt\/wp-content\/uploads\/2019\/05\/01.SantosBarbara_RGB_v2-2.png","width":708,"height":221,"caption":"Santos e B\u00e1rbara"},"image":{"@id":"https:\/\/santosebarbara.pt\/fr\/#\/schema\/logo\/image\/"}}]}},"uagb_featured_image_src":{"full":false,"thumbnail":false,"medium":false,"medium_large":false,"large":false,"1536x1536":false,"2048x2048":false},"uagb_author_info":{"display_name":"admin","author_link":"https:\/\/santosebarbara.pt\/fr\/author\/ais_admin\/"},"uagb_comment_info":0,"uagb_excerpt":"Avec vousdans tous les moments. Pompes Fun\u00e8bres Santos &amp; B\u00e1rbara Nous savons que ceux qui partent nous manquent, c\u2019est in\u00e9vitable. [&hellip;]","_links":{"self":[{"href":"https:\/\/santosebarbara.pt\/fr\/wp-json\/wp\/v2\/pages\/5999","targetHints":{"allow":["GET"]}}],"collection":[{"href":"https:\/\/santosebarbara.pt\/fr\/wp-json\/wp\/v2\/pages"}],"about":[{"href":"https:\/\/santosebarbara.pt\/fr\/wp-json\/wp\/v2\/types\/page"}],"author":[{"embeddable":true,"href":"https:\/\/santosebarbara.pt\/fr\/wp-json\/wp\/v2\/users\/1"}],"replies":[{"embeddable":true,"href":"https:\/\/santosebarbara.pt\/fr\/wp-json\/wp\/v2\/comments?post=5999"}],"version-history":[{"count":0,"href":"https:\/\/santosebarbara.pt\/fr\/wp-json\/wp\/v2\/pages\/5999\/revisions"}],"wp:attachment":[{"href":"https:\/\/santosebarbara.pt\/fr\/wp-json\/wp\/v2\/media?parent=5999"}],"curies":[{"name":"wp","href":"https:\/\/api.w.org\/{rel}","templated":true}]}}