{"id":6019,"date":"2025-06-02T23:36:49","date_gmt":"2025-06-02T23:36:49","guid":{"rendered":"https:\/\/sb.allissingular.com\/necrologie\/"},"modified":"2025-06-27T11:47:09","modified_gmt":"2025-06-27T11:47:09","slug":"necrologie","status":"publish","type":"page","link":"https:\/\/santosebarbara.pt\/fr\/necrologie\/","title":{"rendered":"N\u00e9crologie"},"content":{"rendered":"\n<div class=\"wp-block-uagb-container uagb-block-05c4f347 alignfull uagb-is-root-container\"><div class=\"uagb-container-inner-blocks-wrap\">\n<p>L\u2019agence fun\u00e9raire Santos &amp; B\u00e1rbara rend hommage et partage des informations sur les personnes d\u00e9c\u00e9d\u00e9es.<\/p>\n\n\n<div class=\"necrologia-grid\"><div class=\"necrologia-item\"><a href=\"https:\/\/santosebarbara.pt\/wp-content\/uploads\/2026\/04\/02.-Edital-Igreja-Francisco-Jesus-1-724x1024.jpg\" class=\"glightbox\" data-gallery=\"necrologia-gallery\"><img loading=\"lazy\" decoding=\"async\" width=\"212\" height=\"300\" src=\"https:\/\/santosebarbara.pt\/wp-content\/uploads\/2026\/04\/02.-Edital-Igreja-Francisco-Jesus-1-212x300.jpg\" class=\"attachment-medium size-medium wp-post-image\" alt=\"\" srcset=\"https:\/\/santosebarbara.pt\/wp-content\/uploads\/2026\/04\/02.-Edital-Igreja-Francisco-Jesus-1-212x300.jpg 212w, https:\/\/santosebarbara.pt\/wp-content\/uploads\/2026\/04\/02.-Edital-Igreja-Francisco-Jesus-1-724x1024.jpg 724w, https:\/\/santosebarbara.pt\/wp-content\/uploads\/2026\/04\/02.-Edital-Igreja-Francisco-Jesus-1-768x1087.jpg 768w, https:\/\/santosebarbara.pt\/wp-content\/uploads\/2026\/04\/02.-Edital-Igreja-Francisco-Jesus-1-1086x1536.jpg 1086w, https:\/\/santosebarbara.pt\/wp-content\/uploads\/2026\/04\/02.-Edital-Igreja-Francisco-Jesus-1-1447x2048.jpg 1447w, https:\/\/santosebarbara.pt\/wp-content\/uploads\/2026\/04\/02.-Edital-Igreja-Francisco-Jesus-1.jpg 1653w\" sizes=\"auto, (max-width: 212px) 100vw, 212px\" \/><\/a><\/div><div class=\"necrologia-item\"><a href=\"https:\/\/santosebarbara.pt\/wp-content\/uploads\/2026\/04\/02.-Edital-Igreja-Luciano-Fernandes-724x1024.jpg\" class=\"glightbox\" data-gallery=\"necrologia-gallery\"><img loading=\"lazy\" decoding=\"async\" width=\"212\" height=\"300\" src=\"https:\/\/santosebarbara.pt\/wp-content\/uploads\/2026\/04\/02.-Edital-Igreja-Luciano-Fernandes-212x300.jpg\" class=\"attachment-medium size-medium wp-post-image\" alt=\"\" srcset=\"https:\/\/santosebarbara.pt\/wp-content\/uploads\/2026\/04\/02.-Edital-Igreja-Luciano-Fernandes-212x300.jpg 212w, https:\/\/santosebarbara.pt\/wp-content\/uploads\/2026\/04\/02.-Edital-Igreja-Luciano-Fernandes-724x1024.jpg 724w, https:\/\/santosebarbara.pt\/wp-content\/uploads\/2026\/04\/02.-Edital-Igreja-Luciano-Fernandes-768x1087.jpg 768w, https:\/\/santosebarbara.pt\/wp-content\/uploads\/2026\/04\/02.-Edital-Igreja-Luciano-Fernandes-1086x1536.jpg 1086w, https:\/\/santosebarbara.pt\/wp-content\/uploads\/2026\/04\/02.-Edital-Igreja-Luciano-Fernandes-1447x2048.jpg 1447w, https:\/\/santosebarbara.pt\/wp-content\/uploads\/2026\/04\/02.-Edital-Igreja-Luciano-Fernandes.jpg 1653w\" sizes=\"auto, (max-width: 212px) 100vw, 212px\" \/><\/a><\/div><div class=\"necrologia-item\"><a href=\"https:\/\/santosebarbara.pt\/wp-content\/uploads\/2026\/04\/02.-Edital-Igreja-Alzira-Fernandes-724x1024.jpg\" class=\"glightbox\" data-gallery=\"necrologia-gallery\"><img loading=\"lazy\" decoding=\"async\" width=\"212\" height=\"300\" src=\"https:\/\/santosebarbara.pt\/wp-content\/uploads\/2026\/04\/02.-Edital-Igreja-Alzira-Fernandes-212x300.jpg\" class=\"attachment-medium size-medium wp-post-image\" alt=\"\" srcset=\"https:\/\/santosebarbara.pt\/wp-content\/uploads\/2026\/04\/02.-Edital-Igreja-Alzira-Fernandes-212x300.jpg 212w, https:\/\/santosebarbara.pt\/wp-content\/uploads\/2026\/04\/02.-Edital-Igreja-Alzira-Fernandes-724x1024.jpg 724w, https:\/\/santosebarbara.pt\/wp-content\/uploads\/2026\/04\/02.-Edital-Igreja-Alzira-Fernandes-768x1087.jpg 768w, https:\/\/santosebarbara.pt\/wp-content\/uploads\/2026\/04\/02.-Edital-Igreja-Alzira-Fernandes-1086x1536.jpg 1086w, https:\/\/santosebarbara.pt\/wp-content\/uploads\/2026\/04\/02.-Edital-Igreja-Alzira-Fernandes-1447x2048.jpg 1447w, https:\/\/santosebarbara.pt\/wp-content\/uploads\/2026\/04\/02.-Edital-Igreja-Alzira-Fernandes.jpg 1653w\" sizes=\"auto, (max-width: 212px) 100vw, 212px\" \/><\/a><\/div><div class=\"necrologia-item\"><a href=\"https:\/\/santosebarbara.pt\/wp-content\/uploads\/2026\/04\/02.-Edital-Igreja-Francisco-Domingos-724x1024.jpg\" class=\"glightbox\" data-gallery=\"necrologia-gallery\"><img loading=\"lazy\" decoding=\"async\" width=\"212\" height=\"300\" src=\"https:\/\/santosebarbara.pt\/wp-content\/uploads\/2026\/04\/02.-Edital-Igreja-Francisco-Domingos-212x300.jpg\" class=\"attachment-medium size-medium wp-post-image\" alt=\"\" srcset=\"https:\/\/santosebarbara.pt\/wp-content\/uploads\/2026\/04\/02.-Edital-Igreja-Francisco-Domingos-212x300.jpg 212w, https:\/\/santosebarbara.pt\/wp-content\/uploads\/2026\/04\/02.-Edital-Igreja-Francisco-Domingos-724x1024.jpg 724w, https:\/\/santosebarbara.pt\/wp-content\/uploads\/2026\/04\/02.-Edital-Igreja-Francisco-Domingos-768x1087.jpg 768w, https:\/\/santosebarbara.pt\/wp-content\/uploads\/2026\/04\/02.-Edital-Igreja-Francisco-Domingos-1086x1536.jpg 1086w, https:\/\/santosebarbara.pt\/wp-content\/uploads\/2026\/04\/02.-Edital-Igreja-Francisco-Domingos-1447x2048.jpg 1447w, https:\/\/santosebarbara.pt\/wp-content\/uploads\/2026\/04\/02.-Edital-Igreja-Francisco-Domingos.jpg 1653w\" sizes=\"auto, (max-width: 212px) 100vw, 212px\" \/><\/a><\/div><div class=\"necrologia-item\"><a href=\"https:\/\/santosebarbara.pt\/wp-content\/uploads\/2026\/04\/02.-Edital-Igreja-Horacio-do-Carmo-724x1024.jpg\" class=\"glightbox\" data-gallery=\"necrologia-gallery\"><img loading=\"lazy\" decoding=\"async\" width=\"212\" height=\"300\" src=\"https:\/\/santosebarbara.pt\/wp-content\/uploads\/2026\/04\/02.-Edital-Igreja-Horacio-do-Carmo-212x300.jpg\" class=\"attachment-medium size-medium wp-post-image\" alt=\"\" srcset=\"https:\/\/santosebarbara.pt\/wp-content\/uploads\/2026\/04\/02.-Edital-Igreja-Horacio-do-Carmo-212x300.jpg 212w, https:\/\/santosebarbara.pt\/wp-content\/uploads\/2026\/04\/02.-Edital-Igreja-Horacio-do-Carmo-724x1024.jpg 724w, https:\/\/santosebarbara.pt\/wp-content\/uploads\/2026\/04\/02.-Edital-Igreja-Horacio-do-Carmo-768x1087.jpg 768w, https:\/\/santosebarbara.pt\/wp-content\/uploads\/2026\/04\/02.-Edital-Igreja-Horacio-do-Carmo-1086x1536.jpg 1086w, https:\/\/santosebarbara.pt\/wp-content\/uploads\/2026\/04\/02.-Edital-Igreja-Horacio-do-Carmo-1447x2048.jpg 1447w, https:\/\/santosebarbara.pt\/wp-content\/uploads\/2026\/04\/02.-Edital-Igreja-Horacio-do-Carmo.jpg 1653w\" sizes=\"auto, (max-width: 212px) 100vw, 212px\" \/><\/a><\/div><div class=\"necrologia-item\"><a href=\"https:\/\/santosebarbara.pt\/wp-content\/uploads\/2026\/04\/02.-Edital-Igreja-Jose-Agostinho-724x1024.jpg\" class=\"glightbox\" data-gallery=\"necrologia-gallery\"><img loading=\"lazy\" decoding=\"async\" width=\"212\" height=\"300\" src=\"https:\/\/santosebarbara.pt\/wp-content\/uploads\/2026\/04\/02.-Edital-Igreja-Jose-Agostinho-212x300.jpg\" class=\"attachment-medium size-medium wp-post-image\" alt=\"\" srcset=\"https:\/\/santosebarbara.pt\/wp-content\/uploads\/2026\/04\/02.-Edital-Igreja-Jose-Agostinho-212x300.jpg 212w, https:\/\/santosebarbara.pt\/wp-content\/uploads\/2026\/04\/02.-Edital-Igreja-Jose-Agostinho-724x1024.jpg 724w, https:\/\/santosebarbara.pt\/wp-content\/uploads\/2026\/04\/02.-Edital-Igreja-Jose-Agostinho-768x1087.jpg 768w, https:\/\/santosebarbara.pt\/wp-content\/uploads\/2026\/04\/02.-Edital-Igreja-Jose-Agostinho-1086x1536.jpg 1086w, https:\/\/santosebarbara.pt\/wp-content\/uploads\/2026\/04\/02.-Edital-Igreja-Jose-Agostinho-1447x2048.jpg 1447w, https:\/\/santosebarbara.pt\/wp-content\/uploads\/2026\/04\/02.-Edital-Igreja-Jose-Agostinho.jpg 1653w\" sizes=\"auto, (max-width: 212px) 100vw, 212px\" \/><\/a><\/div><div class=\"necrologia-item\"><a href=\"https:\/\/santosebarbara.pt\/wp-content\/uploads\/2026\/04\/02.-Edital-Igreja-Joel-Azevedo-Diogo-724x1024.jpg\" class=\"glightbox\" data-gallery=\"necrologia-gallery\"><img loading=\"lazy\" decoding=\"async\" width=\"212\" height=\"300\" src=\"https:\/\/santosebarbara.pt\/wp-content\/uploads\/2026\/04\/02.-Edital-Igreja-Joel-Azevedo-Diogo-212x300.jpg\" class=\"attachment-medium size-medium wp-post-image\" alt=\"\" srcset=\"https:\/\/santosebarbara.pt\/wp-content\/uploads\/2026\/04\/02.-Edital-Igreja-Joel-Azevedo-Diogo-212x300.jpg 212w, https:\/\/santosebarbara.pt\/wp-content\/uploads\/2026\/04\/02.-Edital-Igreja-Joel-Azevedo-Diogo-724x1024.jpg 724w, https:\/\/santosebarbara.pt\/wp-content\/uploads\/2026\/04\/02.-Edital-Igreja-Joel-Azevedo-Diogo-768x1087.jpg 768w, https:\/\/santosebarbara.pt\/wp-content\/uploads\/2026\/04\/02.-Edital-Igreja-Joel-Azevedo-Diogo-1086x1536.jpg 1086w, https:\/\/santosebarbara.pt\/wp-content\/uploads\/2026\/04\/02.-Edital-Igreja-Joel-Azevedo-Diogo-1447x2048.jpg 1447w, https:\/\/santosebarbara.pt\/wp-content\/uploads\/2026\/04\/02.-Edital-Igreja-Joel-Azevedo-Diogo.jpg 1653w\" sizes=\"auto, (max-width: 212px) 100vw, 212px\" \/><\/a><\/div><div class=\"necrologia-item\"><a href=\"https:\/\/santosebarbara.pt\/wp-content\/uploads\/2026\/03\/02.-Edital-Igreja-Jose-Adriano-Pereira.jpg\" class=\"glightbox\" data-gallery=\"necrologia-gallery\"><img loading=\"lazy\" decoding=\"async\" width=\"212\" height=\"300\" src=\"https:\/\/santosebarbara.pt\/wp-content\/uploads\/2026\/03\/02.-Edital-Igreja-Jose-Adriano-Pereira-212x300.jpg\" class=\"attachment-medium size-medium wp-post-image\" alt=\"\" srcset=\"https:\/\/santosebarbara.pt\/wp-content\/uploads\/2026\/03\/02.-Edital-Igreja-Jose-Adriano-Pereira-212x300.jpg 212w, https:\/\/santosebarbara.pt\/wp-content\/uploads\/2026\/03\/02.-Edital-Igreja-Jose-Adriano-Pereira.jpg 668w\" sizes=\"auto, (max-width: 212px) 100vw, 212px\" \/><\/a><\/div><div class=\"necrologia-item\"><a href=\"https:\/\/santosebarbara.pt\/wp-content\/uploads\/2026\/03\/02.-Edital-Igreja-Mariete-Cordeiro-1.jpg\" class=\"glightbox\" data-gallery=\"necrologia-gallery\"><img loading=\"lazy\" decoding=\"async\" width=\"212\" height=\"300\" src=\"https:\/\/santosebarbara.pt\/wp-content\/uploads\/2026\/03\/02.-Edital-Igreja-Mariete-Cordeiro-1-212x300.jpg\" class=\"attachment-medium size-medium wp-post-image\" alt=\"\" srcset=\"https:\/\/santosebarbara.pt\/wp-content\/uploads\/2026\/03\/02.-Edital-Igreja-Mariete-Cordeiro-1-212x300.jpg 212w, https:\/\/santosebarbara.pt\/wp-content\/uploads\/2026\/03\/02.-Edital-Igreja-Mariete-Cordeiro-1.jpg 668w\" sizes=\"auto, (max-width: 212px) 100vw, 212px\" \/><\/a><\/div><div class=\"necrologia-item\"><a href=\"https:\/\/santosebarbara.pt\/wp-content\/uploads\/2026\/03\/02.-Edital-Igreja-Isabel-Palminha.jpg\" class=\"glightbox\" data-gallery=\"necrologia-gallery\"><img loading=\"lazy\" decoding=\"async\" width=\"212\" height=\"300\" src=\"https:\/\/santosebarbara.pt\/wp-content\/uploads\/2026\/03\/02.-Edital-Igreja-Isabel-Palminha-212x300.jpg\" class=\"attachment-medium size-medium wp-post-image\" alt=\"\" srcset=\"https:\/\/santosebarbara.pt\/wp-content\/uploads\/2026\/03\/02.-Edital-Igreja-Isabel-Palminha-212x300.jpg 212w, https:\/\/santosebarbara.pt\/wp-content\/uploads\/2026\/03\/02.-Edital-Igreja-Isabel-Palminha.jpg 668w\" sizes=\"auto, (max-width: 212px) 100vw, 212px\" \/><\/a><\/div><div class=\"necrologia-item\"><a href=\"https:\/\/santosebarbara.pt\/wp-content\/uploads\/2026\/03\/02.-Edital-Igreja-julieta-baptista-1.jpg\" class=\"glightbox\" data-gallery=\"necrologia-gallery\"><img loading=\"lazy\" decoding=\"async\" width=\"212\" height=\"300\" src=\"https:\/\/santosebarbara.pt\/wp-content\/uploads\/2026\/03\/02.-Edital-Igreja-julieta-baptista-1-212x300.jpg\" class=\"attachment-medium size-medium wp-post-image\" alt=\"\" srcset=\"https:\/\/santosebarbara.pt\/wp-content\/uploads\/2026\/03\/02.-Edital-Igreja-julieta-baptista-1-212x300.jpg 212w, https:\/\/santosebarbara.pt\/wp-content\/uploads\/2026\/03\/02.-Edital-Igreja-julieta-baptista-1.jpg 668w\" sizes=\"auto, (max-width: 212px) 100vw, 212px\" \/><\/a><\/div><div class=\"necrologia-item\"><a href=\"https:\/\/santosebarbara.pt\/wp-content\/uploads\/2026\/03\/02.-Edital-Igreja-Manuel-Simao.jpg\" class=\"glightbox\" data-gallery=\"necrologia-gallery\"><img loading=\"lazy\" decoding=\"async\" width=\"212\" height=\"300\" src=\"https:\/\/santosebarbara.pt\/wp-content\/uploads\/2026\/03\/02.-Edital-Igreja-Manuel-Simao-212x300.jpg\" class=\"attachment-medium size-medium wp-post-image\" alt=\"\" srcset=\"https:\/\/santosebarbara.pt\/wp-content\/uploads\/2026\/03\/02.-Edital-Igreja-Manuel-Simao-212x300.jpg 212w, https:\/\/santosebarbara.pt\/wp-content\/uploads\/2026\/03\/02.-Edital-Igreja-Manuel-Simao.jpg 668w\" sizes=\"auto, (max-width: 212px) 100vw, 212px\" \/><\/a><\/div><div class=\"necrologia-item\"><a href=\"https:\/\/santosebarbara.pt\/wp-content\/uploads\/2026\/03\/02.-Edital-Igreja-Ines-Nunes.jpg\" class=\"glightbox\" data-gallery=\"necrologia-gallery\"><img loading=\"lazy\" decoding=\"async\" width=\"212\" height=\"300\" src=\"https:\/\/santosebarbara.pt\/wp-content\/uploads\/2026\/03\/02.-Edital-Igreja-Ines-Nunes-212x300.jpg\" class=\"attachment-medium size-medium wp-post-image\" alt=\"\" srcset=\"https:\/\/santosebarbara.pt\/wp-content\/uploads\/2026\/03\/02.-Edital-Igreja-Ines-Nunes-212x300.jpg 212w, https:\/\/santosebarbara.pt\/wp-content\/uploads\/2026\/03\/02.-Edital-Igreja-Ines-Nunes.jpg 668w\" sizes=\"auto, (max-width: 212px) 100vw, 212px\" \/><\/a><\/div><div class=\"necrologia-item\"><a href=\"https:\/\/santosebarbara.pt\/wp-content\/uploads\/2026\/03\/02.-Edital-Igreja-Jose-Pacheco-1.jpg\" class=\"glightbox\" data-gallery=\"necrologia-gallery\"><img loading=\"lazy\" decoding=\"async\" width=\"212\" height=\"300\" src=\"https:\/\/santosebarbara.pt\/wp-content\/uploads\/2026\/03\/02.-Edital-Igreja-Jose-Pacheco-1-212x300.jpg\" class=\"attachment-medium size-medium wp-post-image\" alt=\"\" srcset=\"https:\/\/santosebarbara.pt\/wp-content\/uploads\/2026\/03\/02.-Edital-Igreja-Jose-Pacheco-1-212x300.jpg 212w, https:\/\/santosebarbara.pt\/wp-content\/uploads\/2026\/03\/02.-Edital-Igreja-Jose-Pacheco-1.jpg 668w\" sizes=\"auto, (max-width: 212px) 100vw, 212px\" \/><\/a><\/div><div class=\"necrologia-item\"><a href=\"https:\/\/santosebarbara.pt\/wp-content\/uploads\/2026\/03\/02.-Edital-Igreja-Jose-Lima.jpg\" class=\"glightbox\" data-gallery=\"necrologia-gallery\"><img loading=\"lazy\" decoding=\"async\" width=\"212\" height=\"300\" src=\"https:\/\/santosebarbara.pt\/wp-content\/uploads\/2026\/03\/02.-Edital-Igreja-Jose-Lima-212x300.jpg\" class=\"attachment-medium size-medium wp-post-image\" alt=\"\" srcset=\"https:\/\/santosebarbara.pt\/wp-content\/uploads\/2026\/03\/02.-Edital-Igreja-Jose-Lima-212x300.jpg 212w, https:\/\/santosebarbara.pt\/wp-content\/uploads\/2026\/03\/02.-Edital-Igreja-Jose-Lima.jpg 668w\" sizes=\"auto, (max-width: 212px) 100vw, 212px\" \/><\/a><\/div><div class=\"necrologia-item\"><a href=\"https:\/\/santosebarbara.pt\/wp-content\/uploads\/2026\/03\/02.-Edital-Igreja-Jose-Pereira.jpg\" class=\"glightbox\" data-gallery=\"necrologia-gallery\"><img loading=\"lazy\" decoding=\"async\" width=\"212\" height=\"300\" src=\"https:\/\/santosebarbara.pt\/wp-content\/uploads\/2026\/03\/02.-Edital-Igreja-Jose-Pereira-212x300.jpg\" class=\"attachment-medium size-medium wp-post-image\" alt=\"\" srcset=\"https:\/\/santosebarbara.pt\/wp-content\/uploads\/2026\/03\/02.-Edital-Igreja-Jose-Pereira-212x300.jpg 212w, https:\/\/santosebarbara.pt\/wp-content\/uploads\/2026\/03\/02.-Edital-Igreja-Jose-Pereira.jpg 668w\" sizes=\"auto, (max-width: 212px) 100vw, 212px\" \/><\/a><\/div><div class=\"necrologia-item\"><a href=\"https:\/\/santosebarbara.pt\/wp-content\/uploads\/2026\/03\/02.-Edital-Igreja-Florival-D_Almeida.jpg\" class=\"glightbox\" data-gallery=\"necrologia-gallery\"><img loading=\"lazy\" decoding=\"async\" width=\"212\" height=\"300\" src=\"https:\/\/santosebarbara.pt\/wp-content\/uploads\/2026\/03\/02.-Edital-Igreja-Florival-D_Almeida-212x300.jpg\" class=\"attachment-medium size-medium wp-post-image\" alt=\"\" srcset=\"https:\/\/santosebarbara.pt\/wp-content\/uploads\/2026\/03\/02.-Edital-Igreja-Florival-D_Almeida-212x300.jpg 212w, https:\/\/santosebarbara.pt\/wp-content\/uploads\/2026\/03\/02.-Edital-Igreja-Florival-D_Almeida.jpg 668w\" sizes=\"auto, (max-width: 212px) 100vw, 212px\" \/><\/a><\/div><div class=\"necrologia-item\"><a href=\"https:\/\/santosebarbara.pt\/wp-content\/uploads\/2026\/02\/02.-Edital-Igreja-Manuel-Domingues.jpg\" class=\"glightbox\" data-gallery=\"necrologia-gallery\"><img loading=\"lazy\" decoding=\"async\" width=\"212\" height=\"300\" src=\"https:\/\/santosebarbara.pt\/wp-content\/uploads\/2026\/02\/02.-Edital-Igreja-Manuel-Domingues-212x300.jpg\" class=\"attachment-medium size-medium wp-post-image\" alt=\"\" srcset=\"https:\/\/santosebarbara.pt\/wp-content\/uploads\/2026\/02\/02.-Edital-Igreja-Manuel-Domingues-212x300.jpg 212w, https:\/\/santosebarbara.pt\/wp-content\/uploads\/2026\/02\/02.-Edital-Igreja-Manuel-Domingues.jpg 668w\" sizes=\"auto, (max-width: 212px) 100vw, 212px\" \/><\/a><\/div><div class=\"necrologia-item\"><a href=\"https:\/\/santosebarbara.pt\/wp-content\/uploads\/2026\/02\/02.-Edital-Igreja-Ma-Jose-Guerreiro.jpg\" class=\"glightbox\" data-gallery=\"necrologia-gallery\"><img loading=\"lazy\" decoding=\"async\" width=\"212\" height=\"300\" src=\"https:\/\/santosebarbara.pt\/wp-content\/uploads\/2026\/02\/02.-Edital-Igreja-Ma-Jose-Guerreiro-212x300.jpg\" class=\"attachment-medium size-medium wp-post-image\" alt=\"\" srcset=\"https:\/\/santosebarbara.pt\/wp-content\/uploads\/2026\/02\/02.-Edital-Igreja-Ma-Jose-Guerreiro-212x300.jpg 212w, https:\/\/santosebarbara.pt\/wp-content\/uploads\/2026\/02\/02.-Edital-Igreja-Ma-Jose-Guerreiro.jpg 668w\" sizes=\"auto, (max-width: 212px) 100vw, 212px\" \/><\/a><\/div><div class=\"necrologia-item\"><a href=\"https:\/\/santosebarbara.pt\/wp-content\/uploads\/2026\/02\/02.-Edital-Igreja-Ma-Cristina-Rodrigues.jpg\" class=\"glightbox\" data-gallery=\"necrologia-gallery\"><img loading=\"lazy\" decoding=\"async\" width=\"212\" height=\"300\" src=\"https:\/\/santosebarbara.pt\/wp-content\/uploads\/2026\/02\/02.-Edital-Igreja-Ma-Cristina-Rodrigues-212x300.jpg\" class=\"attachment-medium size-medium wp-post-image\" alt=\"\" srcset=\"https:\/\/santosebarbara.pt\/wp-content\/uploads\/2026\/02\/02.-Edital-Igreja-Ma-Cristina-Rodrigues-212x300.jpg 212w, https:\/\/santosebarbara.pt\/wp-content\/uploads\/2026\/02\/02.-Edital-Igreja-Ma-Cristina-Rodrigues.jpg 668w\" sizes=\"auto, (max-width: 212px) 100vw, 212px\" \/><\/a><\/div><div class=\"necrologia-item\"><a href=\"https:\/\/santosebarbara.pt\/wp-content\/uploads\/2026\/02\/02.-Edital-Igreja-Edward-Winrow-3.jpg\" class=\"glightbox\" data-gallery=\"necrologia-gallery\"><img loading=\"lazy\" decoding=\"async\" width=\"212\" height=\"300\" src=\"https:\/\/santosebarbara.pt\/wp-content\/uploads\/2026\/02\/02.-Edital-Igreja-Edward-Winrow-3-212x300.jpg\" class=\"attachment-medium size-medium wp-post-image\" alt=\"\" srcset=\"https:\/\/santosebarbara.pt\/wp-content\/uploads\/2026\/02\/02.-Edital-Igreja-Edward-Winrow-3-212x300.jpg 212w, https:\/\/santosebarbara.pt\/wp-content\/uploads\/2026\/02\/02.-Edital-Igreja-Edward-Winrow-3.jpg 668w\" sizes=\"auto, (max-width: 212px) 100vw, 212px\" \/><\/a><\/div><div class=\"necrologia-item\"><a href=\"https:\/\/santosebarbara.pt\/wp-content\/uploads\/2026\/02\/02.-Edital-Igreja-Felicidade-Mascarenhas.jpg\" class=\"glightbox\" data-gallery=\"necrologia-gallery\"><img loading=\"lazy\" decoding=\"async\" width=\"212\" height=\"300\" src=\"https:\/\/santosebarbara.pt\/wp-content\/uploads\/2026\/02\/02.-Edital-Igreja-Felicidade-Mascarenhas-212x300.jpg\" class=\"attachment-medium size-medium wp-post-image\" alt=\"\" srcset=\"https:\/\/santosebarbara.pt\/wp-content\/uploads\/2026\/02\/02.-Edital-Igreja-Felicidade-Mascarenhas-212x300.jpg 212w, https:\/\/santosebarbara.pt\/wp-content\/uploads\/2026\/02\/02.-Edital-Igreja-Felicidade-Mascarenhas.jpg 668w\" sizes=\"auto, (max-width: 212px) 100vw, 212px\" \/><\/a><\/div><div class=\"necrologia-item\"><a href=\"https:\/\/santosebarbara.pt\/wp-content\/uploads\/2026\/02\/02.-Edital-Igreja-Emiliana-Santos.jpg\" class=\"glightbox\" data-gallery=\"necrologia-gallery\"><img loading=\"lazy\" decoding=\"async\" width=\"212\" height=\"300\" src=\"https:\/\/santosebarbara.pt\/wp-content\/uploads\/2026\/02\/02.-Edital-Igreja-Emiliana-Santos-212x300.jpg\" class=\"attachment-medium size-medium wp-post-image\" alt=\"\" srcset=\"https:\/\/santosebarbara.pt\/wp-content\/uploads\/2026\/02\/02.-Edital-Igreja-Emiliana-Santos-212x300.jpg 212w, https:\/\/santosebarbara.pt\/wp-content\/uploads\/2026\/02\/02.-Edital-Igreja-Emiliana-Santos.jpg 668w\" sizes=\"auto, (max-width: 212px) 100vw, 212px\" \/><\/a><\/div><div class=\"necrologia-item\"><a href=\"https:\/\/santosebarbara.pt\/wp-content\/uploads\/2026\/02\/02.-Edital-Igreja-Gregorio-Martins.jpg\" class=\"glightbox\" data-gallery=\"necrologia-gallery\"><img loading=\"lazy\" decoding=\"async\" width=\"212\" height=\"300\" src=\"https:\/\/santosebarbara.pt\/wp-content\/uploads\/2026\/02\/02.-Edital-Igreja-Gregorio-Martins-212x300.jpg\" class=\"attachment-medium size-medium wp-post-image\" alt=\"\" srcset=\"https:\/\/santosebarbara.pt\/wp-content\/uploads\/2026\/02\/02.-Edital-Igreja-Gregorio-Martins-212x300.jpg 212w, https:\/\/santosebarbara.pt\/wp-content\/uploads\/2026\/02\/02.-Edital-Igreja-Gregorio-Martins.jpg 668w\" sizes=\"auto, (max-width: 212px) 100vw, 212px\" \/><\/a><\/div><div class=\"necrologia-item\"><a href=\"https:\/\/santosebarbara.pt\/wp-content\/uploads\/2026\/02\/02.-Edital-Igreja-Antonio-Nunes.jpg\" class=\"glightbox\" data-gallery=\"necrologia-gallery\"><img loading=\"lazy\" decoding=\"async\" width=\"212\" height=\"300\" src=\"https:\/\/santosebarbara.pt\/wp-content\/uploads\/2026\/02\/02.-Edital-Igreja-Antonio-Nunes-212x300.jpg\" class=\"attachment-medium size-medium wp-post-image\" alt=\"\" srcset=\"https:\/\/santosebarbara.pt\/wp-content\/uploads\/2026\/02\/02.-Edital-Igreja-Antonio-Nunes-212x300.jpg 212w, https:\/\/santosebarbara.pt\/wp-content\/uploads\/2026\/02\/02.-Edital-Igreja-Antonio-Nunes.jpg 668w\" sizes=\"auto, (max-width: 212px) 100vw, 212px\" \/><\/a><\/div><div class=\"necrologia-item\"><a href=\"https:\/\/santosebarbara.pt\/wp-content\/uploads\/2026\/02\/02.-Edital-Igreja-Ma-Antonia.jpg\" class=\"glightbox\" data-gallery=\"necrologia-gallery\"><img loading=\"lazy\" decoding=\"async\" width=\"212\" height=\"300\" src=\"https:\/\/santosebarbara.pt\/wp-content\/uploads\/2026\/02\/02.-Edital-Igreja-Ma-Antonia-212x300.jpg\" class=\"attachment-medium size-medium wp-post-image\" alt=\"\" srcset=\"https:\/\/santosebarbara.pt\/wp-content\/uploads\/2026\/02\/02.-Edital-Igreja-Ma-Antonia-212x300.jpg 212w, https:\/\/santosebarbara.pt\/wp-content\/uploads\/2026\/02\/02.-Edital-Igreja-Ma-Antonia.jpg 668w\" sizes=\"auto, (max-width: 212px) 100vw, 212px\" \/><\/a><\/div><div class=\"necrologia-item\"><a href=\"https:\/\/santosebarbara.pt\/wp-content\/uploads\/2026\/02\/02.-Edital-Igreja-Ma-Barbara-Fernades-1.jpg\" class=\"glightbox\" data-gallery=\"necrologia-gallery\"><img loading=\"lazy\" decoding=\"async\" width=\"212\" height=\"300\" src=\"https:\/\/santosebarbara.pt\/wp-content\/uploads\/2026\/02\/02.-Edital-Igreja-Ma-Barbara-Fernades-1-212x300.jpg\" class=\"attachment-medium size-medium wp-post-image\" alt=\"\" srcset=\"https:\/\/santosebarbara.pt\/wp-content\/uploads\/2026\/02\/02.-Edital-Igreja-Ma-Barbara-Fernades-1-212x300.jpg 212w, https:\/\/santosebarbara.pt\/wp-content\/uploads\/2026\/02\/02.-Edital-Igreja-Ma-Barbara-Fernades-1.jpg 668w\" sizes=\"auto, (max-width: 212px) 100vw, 212px\" \/><\/a><\/div><div class=\"necrologia-item\"><a href=\"https:\/\/santosebarbara.pt\/wp-content\/uploads\/2026\/01\/02.-Edital-Igreja-Diamantino-Liborio.jpg\" class=\"glightbox\" data-gallery=\"necrologia-gallery\"><img loading=\"lazy\" decoding=\"async\" width=\"212\" height=\"300\" src=\"https:\/\/santosebarbara.pt\/wp-content\/uploads\/2026\/01\/02.-Edital-Igreja-Diamantino-Liborio-212x300.jpg\" class=\"attachment-medium size-medium wp-post-image\" alt=\"\" srcset=\"https:\/\/santosebarbara.pt\/wp-content\/uploads\/2026\/01\/02.-Edital-Igreja-Diamantino-Liborio-212x300.jpg 212w, https:\/\/santosebarbara.pt\/wp-content\/uploads\/2026\/01\/02.-Edital-Igreja-Diamantino-Liborio.jpg 668w\" sizes=\"auto, (max-width: 212px) 100vw, 212px\" \/><\/a><\/div><div class=\"necrologia-item\"><a href=\"https:\/\/santosebarbara.pt\/wp-content\/uploads\/2026\/01\/02.-Edital-Carlos-Palhinha.jpg\" class=\"glightbox\" data-gallery=\"necrologia-gallery\"><img loading=\"lazy\" decoding=\"async\" width=\"212\" height=\"300\" src=\"https:\/\/santosebarbara.pt\/wp-content\/uploads\/2026\/01\/02.-Edital-Carlos-Palhinha-212x300.jpg\" class=\"attachment-medium size-medium wp-post-image\" alt=\"\" srcset=\"https:\/\/santosebarbara.pt\/wp-content\/uploads\/2026\/01\/02.-Edital-Carlos-Palhinha-212x300.jpg 212w, https:\/\/santosebarbara.pt\/wp-content\/uploads\/2026\/01\/02.-Edital-Carlos-Palhinha.jpg 668w\" sizes=\"auto, (max-width: 212px) 100vw, 212px\" \/><\/a><\/div><div class=\"necrologia-item\"><a href=\"https:\/\/santosebarbara.pt\/wp-content\/uploads\/2026\/01\/02.-Edital-Igreja-Flor-Bela.jpg\" class=\"glightbox\" data-gallery=\"necrologia-gallery\"><img loading=\"lazy\" decoding=\"async\" width=\"212\" height=\"300\" src=\"https:\/\/santosebarbara.pt\/wp-content\/uploads\/2026\/01\/02.-Edital-Igreja-Flor-Bela-212x300.jpg\" class=\"attachment-medium size-medium wp-post-image\" alt=\"\" srcset=\"https:\/\/santosebarbara.pt\/wp-content\/uploads\/2026\/01\/02.-Edital-Igreja-Flor-Bela-212x300.jpg 212w, https:\/\/santosebarbara.pt\/wp-content\/uploads\/2026\/01\/02.-Edital-Igreja-Flor-Bela.jpg 668w\" sizes=\"auto, (max-width: 212px) 100vw, 212px\" \/><\/a><\/div><\/div>    <link rel=\"stylesheet\" href=\"https:\/\/cdn.jsdelivr.net\/npm\/glightbox\/dist\/css\/glightbox.min.css\" \/>\n    <script src=\"https:\/\/cdn.jsdelivr.net\/npm\/glightbox\/dist\/js\/glightbox.min.js\"><\/script>\n\n    <script>\n    document.addEventListener(\"DOMContentLoaded\", function () {\n        GLightbox({\n            selector: '.glightbox[data-gallery=\"necrologia-gallery\"]'\n        });\n    });\n    <\/script>\n    \n<\/div><\/div>\n","protected":false},"excerpt":{"rendered":"<p>L\u2019agence fun\u00e9raire Santos &amp; B\u00e1rbara rend hommage et partage des informations sur les personnes d\u00e9c\u00e9d\u00e9es.<\/p>\n","protected":false},"author":1,"featured_media":6210,"parent":0,"menu_order":0,"comment_status":"closed","ping_status":"closed","template":"","meta":{"_uag_custom_page_level_css":"","site-sidebar-layout":"default","site-content-layout":"","ast-site-content-layout":"","site-content-style":"default","site-sidebar-style":"default","ast-global-header-display":"","ast-banner-title-visibility":"","ast-main-header-display":"","ast-hfb-above-header-display":"","ast-hfb-below-header-display":"","ast-hfb-mobile-header-display":"","site-post-title":"disabled","ast-breadcrumbs-content":"","ast-featured-img":"","footer-sml-layout":"","theme-transparent-header-meta":"","adv-header-id-meta":"","stick-header-meta":"","header-above-stick-meta":"","header-main-stick-meta":"","header-below-stick-meta":"","astra-migrate-meta-layouts":"default","ast-page-background-enabled":"default","ast-page-background-meta":{"desktop":{"background-color":"var(--ast-global-color-5)","background-image":"","background-repeat":"repeat","background-position":"center center","background-size":"auto","background-attachment":"scroll","background-type":"","background-media":"","overlay-type":"","overlay-color":"","overlay-opacity":"","overlay-gradient":""},"tablet":{"background-color":"","background-image":"","background-repeat":"repeat","background-position":"center center","background-size":"auto","background-attachment":"scroll","background-type":"","background-media":"","overlay-type":"","overlay-color":"","overlay-opacity":"","overlay-gradient":""},"mobile":{"background-color":"","background-image":"","background-repeat":"repeat","background-position":"center center","background-size":"auto","background-attachment":"scroll","background-type":"","background-media":"","overlay-type":"","overlay-color":"","overlay-opacity":"","overlay-gradient":""}},"ast-content-background-meta":{"desktop":{"background-color":"var(--ast-global-color-4)","background-image":"","background-repeat":"repeat","background-position":"center center","background-size":"auto","background-attachment":"scroll","background-type":"","background-media":"","overlay-type":"","overlay-color":"","overlay-opacity":"","overlay-gradient":""},"tablet":{"background-color":"var(--ast-global-color-4)","background-image":"","background-repeat":"repeat","background-position":"center center","background-size":"auto","background-attachment":"scroll","background-type":"","background-media":"","overlay-type":"","overlay-color":"","overlay-opacity":"","overlay-gradient":""},"mobile":{"background-color":"var(--ast-global-color-4)","background-image":"","background-repeat":"repeat","background-position":"center center","background-size":"auto","background-attachment":"scroll","background-type":"","background-media":"","overlay-type":"","overlay-color":"","overlay-opacity":"","overlay-gradient":""}},"footnotes":""},"class_list":["post-6019","page","type-page","status-publish","has-post-thumbnail","hentry"],"yoast_head":"<!-- This site is optimized with the Yoast SEO plugin v26.0 - https:\/\/yoast.com\/wordpress\/plugins\/seo\/ -->\n<title>N\u00e9crologie - Santos e B\u00e1rbara<\/title>\n<meta name=\"robots\" content=\"index, follow, max-snippet:-1, max-image-preview:large, max-video-preview:-1\" \/>\n<link rel=\"canonical\" href=\"https:\/\/santosebarbara.pt\/fr\/necrologie\/\" \/>\n<meta property=\"og:locale\" content=\"fr_FR\" \/>\n<meta property=\"og:type\" content=\"article\" \/>\n<meta property=\"og:title\" content=\"N\u00e9crologie - Santos e B\u00e1rbara\" \/>\n<meta property=\"og:description\" content=\"L\u2019agence fun\u00e9raire Santos &amp; B\u00e1rbara rend hommage et partage des informations sur les personnes d\u00e9c\u00e9d\u00e9es.\" \/>\n<meta property=\"og:url\" content=\"https:\/\/santosebarbara.pt\/fr\/necrologie\/\" \/>\n<meta property=\"og:site_name\" content=\"Santos e B\u00e1rbara\" \/>\n<meta property=\"article:modified_time\" content=\"2025-06-27T11:47:09+00:00\" \/>\n<meta property=\"og:image\" content=\"https:\/\/santosebarbara.pt\/wp-content\/uploads\/2025\/06\/necrologia-crop-scaled.jpg\" \/>\n\t<meta property=\"og:image:width\" content=\"2560\" \/>\n\t<meta property=\"og:image:height\" content=\"1280\" \/>\n\t<meta property=\"og:image:type\" content=\"image\/jpeg\" \/>\n<meta name=\"twitter:card\" content=\"summary_large_image\" \/>\n<script type=\"application\/ld+json\" class=\"yoast-schema-graph\">{\"@context\":\"https:\/\/schema.org\",\"@graph\":[{\"@type\":\"WebPage\",\"@id\":\"https:\/\/santosebarbara.pt\/fr\/necrologie\/\",\"url\":\"https:\/\/santosebarbara.pt\/fr\/necrologie\/\",\"name\":\"N\u00e9crologie - Santos e B\u00e1rbara\",\"isPartOf\":{\"@id\":\"https:\/\/santosebarbara.pt\/fr\/#website\"},\"primaryImageOfPage\":{\"@id\":\"https:\/\/santosebarbara.pt\/fr\/necrologie\/#primaryimage\"},\"image\":{\"@id\":\"https:\/\/santosebarbara.pt\/fr\/necrologie\/#primaryimage\"},\"thumbnailUrl\":\"https:\/\/santosebarbara.pt\/wp-content\/uploads\/2025\/06\/necrologia-crop-scaled.jpg\",\"datePublished\":\"2025-06-02T23:36:49+00:00\",\"dateModified\":\"2025-06-27T11:47:09+00:00\",\"breadcrumb\":{\"@id\":\"https:\/\/santosebarbara.pt\/fr\/necrologie\/#breadcrumb\"},\"inLanguage\":\"fr-FR\",\"potentialAction\":[{\"@type\":\"ReadAction\",\"target\":[\"https:\/\/santosebarbara.pt\/fr\/necrologie\/\"]}]},{\"@type\":\"ImageObject\",\"inLanguage\":\"fr-FR\",\"@id\":\"https:\/\/santosebarbara.pt\/fr\/necrologie\/#primaryimage\",\"url\":\"https:\/\/santosebarbara.pt\/wp-content\/uploads\/2025\/06\/necrologia-crop-scaled.jpg\",\"contentUrl\":\"https:\/\/santosebarbara.pt\/wp-content\/uploads\/2025\/06\/necrologia-crop-scaled.jpg\",\"width\":2560,\"height\":1280},{\"@type\":\"BreadcrumbList\",\"@id\":\"https:\/\/santosebarbara.pt\/fr\/necrologie\/#breadcrumb\",\"itemListElement\":[{\"@type\":\"ListItem\",\"position\":1,\"name\":\"Home\",\"item\":\"https:\/\/santosebarbara.pt\/fr\/\"},{\"@type\":\"ListItem\",\"position\":2,\"name\":\"N\u00e9crologie\"}]},{\"@type\":\"WebSite\",\"@id\":\"https:\/\/santosebarbara.pt\/fr\/#website\",\"url\":\"https:\/\/santosebarbara.pt\/fr\/\",\"name\":\"Santos e B\u00e1rbara\",\"description\":\"\",\"publisher\":{\"@id\":\"https:\/\/santosebarbara.pt\/fr\/#organization\"},\"potentialAction\":[{\"@type\":\"SearchAction\",\"target\":{\"@type\":\"EntryPoint\",\"urlTemplate\":\"https:\/\/santosebarbara.pt\/fr\/?s={search_term_string}\"},\"query-input\":{\"@type\":\"PropertyValueSpecification\",\"valueRequired\":true,\"valueName\":\"search_term_string\"}}],\"inLanguage\":\"fr-FR\"},{\"@type\":\"Organization\",\"@id\":\"https:\/\/santosebarbara.pt\/fr\/#organization\",\"name\":\"Santos e B\u00e1rbara\",\"url\":\"https:\/\/santosebarbara.pt\/fr\/\",\"logo\":{\"@type\":\"ImageObject\",\"inLanguage\":\"fr-FR\",\"@id\":\"https:\/\/santosebarbara.pt\/fr\/#\/schema\/logo\/image\/\",\"url\":\"https:\/\/santosebarbara.pt\/wp-content\/uploads\/2019\/05\/01.SantosBarbara_RGB_v2-2.png\",\"contentUrl\":\"https:\/\/santosebarbara.pt\/wp-content\/uploads\/2019\/05\/01.SantosBarbara_RGB_v2-2.png\",\"width\":708,\"height\":221,\"caption\":\"Santos e B\u00e1rbara\"},\"image\":{\"@id\":\"https:\/\/santosebarbara.pt\/fr\/#\/schema\/logo\/image\/\"}}]}<\/script>\n<!-- \/ Yoast SEO plugin. -->","yoast_head_json":{"title":"N\u00e9crologie - Santos e B\u00e1rbara","robots":{"index":"index","follow":"follow","max-snippet":"max-snippet:-1","max-image-preview":"max-image-preview:large","max-video-preview":"max-video-preview:-1"},"canonical":"https:\/\/santosebarbara.pt\/fr\/necrologie\/","og_locale":"fr_FR","og_type":"article","og_title":"N\u00e9crologie - Santos e B\u00e1rbara","og_description":"L\u2019agence fun\u00e9raire Santos &amp; B\u00e1rbara rend hommage et partage des informations sur les personnes d\u00e9c\u00e9d\u00e9es.","og_url":"https:\/\/santosebarbara.pt\/fr\/necrologie\/","og_site_name":"Santos e B\u00e1rbara","article_modified_time":"2025-06-27T11:47:09+00:00","og_image":[{"width":2560,"height":1280,"url":"https:\/\/santosebarbara.pt\/wp-content\/uploads\/2025\/06\/necrologia-crop-scaled.jpg","type":"image\/jpeg"}],"twitter_card":"summary_large_image","schema":{"@context":"https:\/\/schema.org","@graph":[{"@type":"WebPage","@id":"https:\/\/santosebarbara.pt\/fr\/necrologie\/","url":"https:\/\/santosebarbara.pt\/fr\/necrologie\/","name":"N\u00e9crologie - Santos e B\u00e1rbara","isPartOf":{"@id":"https:\/\/santosebarbara.pt\/fr\/#website"},"primaryImageOfPage":{"@id":"https:\/\/santosebarbara.pt\/fr\/necrologie\/#primaryimage"},"image":{"@id":"https:\/\/santosebarbara.pt\/fr\/necrologie\/#primaryimage"},"thumbnailUrl":"https:\/\/santosebarbara.pt\/wp-content\/uploads\/2025\/06\/necrologia-crop-scaled.jpg","datePublished":"2025-06-02T23:36:49+00:00","dateModified":"2025-06-27T11:47:09+00:00","breadcrumb":{"@id":"https:\/\/santosebarbara.pt\/fr\/necrologie\/#breadcrumb"},"inLanguage":"fr-FR","potentialAction":[{"@type":"ReadAction","target":["https:\/\/santosebarbara.pt\/fr\/necrologie\/"]}]},{"@type":"ImageObject","inLanguage":"fr-FR","@id":"https:\/\/santosebarbara.pt\/fr\/necrologie\/#primaryimage","url":"https:\/\/santosebarbara.pt\/wp-content\/uploads\/2025\/06\/necrologia-crop-scaled.jpg","contentUrl":"https:\/\/santosebarbara.pt\/wp-content\/uploads\/2025\/06\/necrologia-crop-scaled.jpg","width":2560,"height":1280},{"@type":"BreadcrumbList","@id":"https:\/\/santosebarbara.pt\/fr\/necrologie\/#breadcrumb","itemListElement":[{"@type":"ListItem","position":1,"name":"Home","item":"https:\/\/santosebarbara.pt\/fr\/"},{"@type":"ListItem","position":2,"name":"N\u00e9crologie"}]},{"@type":"WebSite","@id":"https:\/\/santosebarbara.pt\/fr\/#website","url":"https:\/\/santosebarbara.pt\/fr\/","name":"Santos e B\u00e1rbara","description":"","publisher":{"@id":"https:\/\/santosebarbara.pt\/fr\/#organization"},"potentialAction":[{"@type":"SearchAction","target":{"@type":"EntryPoint","urlTemplate":"https:\/\/santosebarbara.pt\/fr\/?s={search_term_string}"},"query-input":{"@type":"PropertyValueSpecification","valueRequired":true,"valueName":"search_term_string"}}],"inLanguage":"fr-FR"},{"@type":"Organization","@id":"https:\/\/santosebarbara.pt\/fr\/#organization","name":"Santos e B\u00e1rbara","url":"https:\/\/santosebarbara.pt\/fr\/","logo":{"@type":"ImageObject","inLanguage":"fr-FR","@id":"https:\/\/santosebarbara.pt\/fr\/#\/schema\/logo\/image\/","url":"https:\/\/santosebarbara.pt\/wp-content\/uploads\/2019\/05\/01.SantosBarbara_RGB_v2-2.png","contentUrl":"https:\/\/santosebarbara.pt\/wp-content\/uploads\/2019\/05\/01.SantosBarbara_RGB_v2-2.png","width":708,"height":221,"caption":"Santos e B\u00e1rbara"},"image":{"@id":"https:\/\/santosebarbara.pt\/fr\/#\/schema\/logo\/image\/"}}]}},"uagb_featured_image_src":{"full":["https:\/\/santosebarbara.pt\/wp-content\/uploads\/2025\/06\/necrologia-crop-scaled.jpg",2560,1280,false],"thumbnail":["https:\/\/santosebarbara.pt\/wp-content\/uploads\/2025\/06\/necrologia-crop-150x150.jpg",150,150,true],"medium":["https:\/\/santosebarbara.pt\/wp-content\/uploads\/2025\/06\/necrologia-crop-300x150.jpg",300,150,true],"medium_large":["https:\/\/santosebarbara.pt\/wp-content\/uploads\/2025\/06\/necrologia-crop-768x384.jpg",768,384,true],"large":["https:\/\/santosebarbara.pt\/wp-content\/uploads\/2025\/06\/necrologia-crop-1024x512.jpg",1024,512,true],"1536x1536":["https:\/\/santosebarbara.pt\/wp-content\/uploads\/2025\/06\/necrologia-crop-1536x768.jpg",1536,768,true],"2048x2048":["https:\/\/santosebarbara.pt\/wp-content\/uploads\/2025\/06\/necrologia-crop-2048x1024.jpg",2048,1024,true]},"uagb_author_info":{"display_name":"admin","author_link":"https:\/\/santosebarbara.pt\/fr\/author\/ais_admin\/"},"uagb_comment_info":0,"uagb_excerpt":"L\u2019agence fun\u00e9raire Santos &amp; B\u00e1rbara rend hommage et partage des informations sur les personnes d\u00e9c\u00e9d\u00e9es.","_links":{"self":[{"href":"https:\/\/santosebarbara.pt\/fr\/wp-json\/wp\/v2\/pages\/6019","targetHints":{"allow":["GET"]}}],"collection":[{"href":"https:\/\/santosebarbara.pt\/fr\/wp-json\/wp\/v2\/pages"}],"about":[{"href":"https:\/\/santosebarbara.pt\/fr\/wp-json\/wp\/v2\/types\/page"}],"author":[{"embeddable":true,"href":"https:\/\/santosebarbara.pt\/fr\/wp-json\/wp\/v2\/users\/1"}],"replies":[{"embeddable":true,"href":"https:\/\/santosebarbara.pt\/fr\/wp-json\/wp\/v2\/comments?post=6019"}],"version-history":[{"count":0,"href":"https:\/\/santosebarbara.pt\/fr\/wp-json\/wp\/v2\/pages\/6019\/revisions"}],"wp:featuredmedia":[{"embeddable":true,"href":"https:\/\/santosebarbara.pt\/fr\/wp-json\/wp\/v2\/media\/6210"}],"wp:attachment":[{"href":"https:\/\/santosebarbara.pt\/fr\/wp-json\/wp\/v2\/media?parent=6019"}],"curies":[{"name":"wp","href":"https:\/\/api.w.org\/{rel}","templated":true}]}}